{"id":13626,"date":"2026-04-15T10:42:44","date_gmt":"2026-04-15T14:42:44","guid":{"rendered":"https:\/\/mcc2022.wpengine.com\/?page_id=13626"},"modified":"2026-04-20T08:52:35","modified_gmt":"2026-04-20T12:52:35","slug":"planification","status":"publish","type":"page","link":"https:\/\/mcc.ca\/fr\/examens-et-evaluations\/examen-lie-a-la-pdt\/planification\/","title":{"rendered":"Planification"},"content":{"rendered":"\t\t<div data-elementor-type=\"wp-page\" data-elementor-id=\"13626\" class=\"elementor elementor-13626 elementor-13236\" data-elementor-post-type=\"page\">\n\t\t\t\t\t\t<section class=\"elementor-section elementor-top-section elementor-element elementor-element-2a93190 elementor-section-boxed elementor-section-height-default elementor-section-height-default\" data-id=\"2a93190\" data-element_type=\"section\" data-e-type=\"section\">\n\t\t\t\t\t\t<div class=\"elementor-container elementor-column-gap-default\">\n\t\t\t\t\t<div class=\"elementor-column elementor-col-100 elementor-top-column elementor-element elementor-element-5748d94\" data-id=\"5748d94\" data-element_type=\"column\" data-e-type=\"column\">\n\t\t\t<div class=\"elementor-widget-wrap elementor-element-populated\">\n\t\t\t\t\t\t<div class=\"elementor-element elementor-element-8bed2de elementor-widget elementor-widget-mwpagemenu\" data-id=\"8bed2de\" data-element_type=\"widget\" data-e-type=\"widget\" data-widget_type=\"mwpagemenu.default\">\n\t\t\t\t<div class=\"elementor-widget-container\">\n\t\t\t\t\t<div class=\"collapsible-menu\"><div class=\"icon-container\"><div class=\"icon\"><p>Menu de section<\/p><i class=\"menu-icon fas fa-chevron-down\"><\/i><\/div><\/div><div class=\"menu-content\"><div class=\"mw-pagemenu\"><div class=\"link-block\"><a class=\"inactive\" href=\"https:\/\/mcc.ca\/fr\/examens-et-evaluations\/examen-lie-a-la-pdt\/\"><span class=\"link-title\">Aper\u00e7u<\/span><div class=\"block-border\"><\/div><\/a><\/div><div class=\"link-block\"><a class=\"inactive\" href=\"https:\/\/mcc.ca\/fr\/examens-et-evaluations\/examen-lie-a-la-pdt\/admissibilite-et-demande\/\"><span class=\"link-title\">Admissibilit\u00e9 et demande<\/span><div class=\"block-border\"><\/div><\/a><\/div><div class=\"link-block\"><a class=\"active\" href=\"https:\/\/mcc.ca\/fr\/examens-et-evaluations\/examen-lie-a-la-pdt\/planification\/\"><span class=\"link-title\">Planification<\/span><div class=\"block-border\"><\/div><\/a><\/div><div class=\"link-block\"><a class=\"inactive\" href=\"https:\/\/mcc.ca\/fr\/examens-et-evaluations\/examen-lie-a-la-pdt\/jour-de-lexamen\/\"><span class=\"link-title\">Jour de l'examen<\/span><div class=\"block-border\"><\/div><\/a><\/div><div class=\"link-block\"><a class=\"inactive\" href=\"https:\/\/mcc.ca\/fr\/examens-et-evaluations\/examen-lie-a-la-pdt\/resultats\/\"><span class=\"link-title\">R\u00e9sultats<\/span><div class=\"block-border\"><\/div><\/a><\/div><div class=\"link-block\"><a class=\"inactive\" href=\"https:\/\/mcc.ca\/fr\/examens-et-evaluations\/examen-lie-a-la-pdt\/retrait\/\"><span class=\"link-title\">Retrait<\/span><div class=\"block-border\"><\/div><\/a><\/div><\/div><\/div><\/div>\t\t\t\t<\/div>\n\t\t\t\t<\/div>\n\t\t\t\t\t<\/div>\n\t\t<\/div>\n\t\t\t\t\t<\/div>\n\t\t<\/section>\n\t\t\t\t<section class=\"elementor-section elementor-top-section elementor-element elementor-element-5e0adaf elementor-section-boxed elementor-section-height-default elementor-section-height-default\" data-id=\"5e0adaf\" data-element_type=\"section\" data-e-type=\"section\">\n\t\t\t\t\t\t<div class=\"elementor-container elementor-column-gap-default\">\n\t\t\t\t\t<div class=\"elementor-column elementor-col-100 elementor-top-column elementor-element elementor-element-0dc52f4\" data-id=\"0dc52f4\" data-element_type=\"column\" data-e-type=\"column\">\n\t\t\t<div class=\"elementor-widget-wrap elementor-element-populated\">\n\t\t\t\t\t\t<div class=\"elementor-element elementor-element-48dd975 elementor-widget elementor-widget-text-editor\" data-id=\"48dd975\" data-element_type=\"widget\" data-e-type=\"widget\" data-widget_type=\"text-editor.default\">\n\t\t\t\t<div class=\"elementor-widget-container\">\n\t\t\t\t\t\t\t\t\t<blockquote><p>\u00c0 l\u2019automne 2026, le Conseil m\u00e9dical du Canada (CMC) mettra en \u0153uvre un nouveau processus d\u2019inscription pour l\u2019examen li\u00e9 \u00e0 la prise de d\u00e9cisions th\u00e9rapeutiques (PDT). \u00c0 compter de la session d\u2019examen de septembre 2026, les candidats s\u2019inscriront \u00e0 l\u2019examen directement aupr\u00e8s du CMC et non plus aupr\u00e8s des <a href=\"https:\/\/mcc.ca\/fr\/examens-et-evaluations\/evaluation-de-la-capacite-a-exercer\/\">programmes d\u2019\u00e9valuation de la capacit\u00e9 \u00e0 exercer (ECE)<\/a>. Il ne sera pas n\u00e9cessaire d\u2019obtenir l\u2019approbation d\u2019un programme d\u2019ECE pour passer l\u2019examen.<\/p><p>Avant de faire une demande d\u2019inscription \u00e0 l\u2019examen li\u00e9 \u00e0 la PDT aux fins d&rsquo;admission \u00e0 un programme d&rsquo;ECE, il est important de consulter les exigences du programme afin de v\u00e9rifier votre admissibilit\u00e9.<\/p><p>Pour plus d\u2019information sur les changements qui entreront en vigueur en septembre 2026, consultez <a href=\"\/fr\/nouvelles\/nouveau-modele-dinscription-et-nouveaux-criteres-dadmissibilite-pour-lexamen-lie-a-la-pdt\/\"><em>Nouveau mod\u00e8le d\u2019inscription et nouveaux crit\u00e8res d\u2019admissibilit\u00e9 pour l\u2019examen li\u00e9 \u00e0 la PDT<\/em><\/a>.<\/p><\/blockquote>\t\t\t\t\t\t\t\t<\/div>\n\t\t\t\t<\/div>\n\t\t\t\t\t<\/div>\n\t\t<\/div>\n\t\t\t\t\t<\/div>\n\t\t<\/section>\n\t\t\t\t<section class=\"elementor-section elementor-top-section elementor-element elementor-element-1e4c6bd elementor-section-boxed elementor-section-height-default elementor-section-height-default\" data-id=\"1e4c6bd\" data-element_type=\"section\" data-e-type=\"section\">\n\t\t\t\t\t\t<div class=\"elementor-container elementor-column-gap-default\">\n\t\t\t\t\t<div class=\"elementor-column elementor-col-100 elementor-top-column elementor-element elementor-element-7391b6a\" data-id=\"7391b6a\" data-element_type=\"column\" data-e-type=\"column\">\n\t\t\t<div class=\"elementor-widget-wrap elementor-element-populated\">\n\t\t\t\t\t\t<div class=\"elementor-element elementor-element-dbaf1a5 elementor-widget elementor-widget-text-editor\" data-id=\"dbaf1a5\" data-element_type=\"widget\" data-e-type=\"widget\" data-widget_type=\"text-editor.default\">\n\t\t\t\t<div class=\"elementor-widget-container\">\n\t\t\t\t\t\t\t\t\t<h2>Prochaines dates de l\u2019examen li\u00e9 \u00e0 la PDT\u00a0<\/h2><p>L\u2019examen li\u00e9 \u00e0 la prise de d\u00e9cisions th\u00e9rapeutiques (PDT) est offert plusieurs fois par ann\u00e9e (les dates peuvent faire l\u2019objet de changements).<\/p><p>Les r\u00e9sultats seront disponibles environ 5 semaines apr\u00e8s la date de l&rsquo;examen.<\/p>\t\t\t\t\t\t\t\t<\/div>\n\t\t\t\t<\/div>\n\t\t\t\t<div class=\"elementor-element elementor-element-34cca89 elementor-widget elementor-widget-text-editor\" data-id=\"34cca89\" data-element_type=\"widget\" data-e-type=\"widget\" data-widget_type=\"text-editor.default\">\n\t\t\t\t<div class=\"elementor-widget-container\">\n\t\t\t\t\t\t\t\t\t<h3>2026<\/h3>\t\t\t\t\t\t\t\t<\/div>\n\t\t\t\t<\/div>\n\t\t\t\t<section class=\"elementor-section elementor-inner-section elementor-element elementor-element-1f4ea1d elementor-section-boxed elementor-section-height-default elementor-section-height-default\" data-id=\"1f4ea1d\" data-element_type=\"section\" data-e-type=\"section\">\n\t\t\t\t\t\t<div class=\"elementor-container elementor-column-gap-extended\">\n\t\t\t\t\t<div class=\"elementor-column elementor-col-33 elementor-inner-column elementor-element elementor-element-d3a9361\" data-id=\"d3a9361\" data-element_type=\"column\" data-e-type=\"column\">\n\t\t\t<div class=\"elementor-widget-wrap elementor-element-populated\">\n\t\t\t\t\t\t<div class=\"elementor-element elementor-element-81277d5 elementor-widget-mobile__width-auto elementor-view-default elementor-widget elementor-widget-icon\" data-id=\"81277d5\" data-element_type=\"widget\" data-e-type=\"widget\" data-widget_type=\"icon.default\">\n\t\t\t\t<div class=\"elementor-widget-container\">\n\t\t\t\t\t\t\t<div class=\"elementor-icon-wrapper\">\n\t\t\t<div class=\"elementor-icon\">\n\t\t\t<i aria-hidden=\"true\" class=\"fal fa-calendar-day\"><\/i>\t\t\t<\/div>\n\t\t<\/div>\n\t\t\t\t\t\t<\/div>\n\t\t\t\t<\/div>\n\t\t\t\t<div class=\"elementor-element elementor-element-185866c elementor-widget-mobile__width-auto elementor-widget elementor-widget-heading\" data-id=\"185866c\" data-element_type=\"widget\" data-e-type=\"widget\" data-widget_type=\"heading.default\">\n\t\t\t\t<div class=\"elementor-widget-container\">\n\t\t\t\t\t<div class=\"elementor-heading-title elementor-size-default\">Le 14 janvier*<\/div>\t\t\t\t<\/div>\n\t\t\t\t<\/div>\n\t\t\t\t\t<\/div>\n\t\t<\/div>\n\t\t\t\t<div class=\"elementor-column elementor-col-33 elementor-inner-column elementor-element elementor-element-6d2a1d9\" data-id=\"6d2a1d9\" data-element_type=\"column\" data-e-type=\"column\">\n\t\t\t<div class=\"elementor-widget-wrap elementor-element-populated\">\n\t\t\t\t\t\t<div class=\"elementor-element elementor-element-929dfb8 elementor-widget-mobile__width-auto elementor-view-default elementor-widget elementor-widget-icon\" data-id=\"929dfb8\" data-element_type=\"widget\" data-e-type=\"widget\" data-widget_type=\"icon.default\">\n\t\t\t\t<div class=\"elementor-widget-container\">\n\t\t\t\t\t\t\t<div class=\"elementor-icon-wrapper\">\n\t\t\t<div class=\"elementor-icon\">\n\t\t\t<i aria-hidden=\"true\" class=\"fal fa-calendar-day\"><\/i>\t\t\t<\/div>\n\t\t<\/div>\n\t\t\t\t\t\t<\/div>\n\t\t\t\t<\/div>\n\t\t\t\t<div class=\"elementor-element elementor-element-3aa5ff2 elementor-widget-mobile__width-auto elementor-widget elementor-widget-heading\" data-id=\"3aa5ff2\" data-element_type=\"widget\" data-e-type=\"widget\" data-widget_type=\"heading.default\">\n\t\t\t\t<div class=\"elementor-widget-container\">\n\t\t\t\t\t<div class=\"elementor-heading-title elementor-size-default\">Le 2 juin<\/div>\t\t\t\t<\/div>\n\t\t\t\t<\/div>\n\t\t\t\t\t<\/div>\n\t\t<\/div>\n\t\t\t\t<div class=\"elementor-column elementor-col-33 elementor-inner-column elementor-element elementor-element-d622d41\" data-id=\"d622d41\" data-element_type=\"column\" data-e-type=\"column\">\n\t\t\t<div class=\"elementor-widget-wrap elementor-element-populated\">\n\t\t\t\t\t\t<div class=\"elementor-element elementor-element-6f44088 elementor-widget-mobile__width-auto elementor-view-default elementor-widget elementor-widget-icon\" data-id=\"6f44088\" data-element_type=\"widget\" data-e-type=\"widget\" data-widget_type=\"icon.default\">\n\t\t\t\t<div class=\"elementor-widget-container\">\n\t\t\t\t\t\t\t<div class=\"elementor-icon-wrapper\">\n\t\t\t<div class=\"elementor-icon\">\n\t\t\t<i aria-hidden=\"true\" class=\"fal fa-calendar-day\"><\/i>\t\t\t<\/div>\n\t\t<\/div>\n\t\t\t\t\t\t<\/div>\n\t\t\t\t<\/div>\n\t\t\t\t<div class=\"elementor-element elementor-element-22346b6 elementor-widget-mobile__width-auto elementor-widget elementor-widget-heading\" data-id=\"22346b6\" data-element_type=\"widget\" data-e-type=\"widget\" data-widget_type=\"heading.default\">\n\t\t\t\t<div class=\"elementor-widget-container\">\n\t\t\t\t\t<div class=\"elementor-heading-title elementor-size-default\">Le 23 septembre<\/div>\t\t\t\t<\/div>\n\t\t\t\t<\/div>\n\t\t\t\t\t<\/div>\n\t\t<\/div>\n\t\t\t\t\t<\/div>\n\t\t<\/section>\n\t\t\t\t<div class=\"elementor-element elementor-element-79f609e elementor-widget elementor-widget-text-editor\" data-id=\"79f609e\" data-element_type=\"widget\" data-e-type=\"widget\" data-widget_type=\"text-editor.default\">\n\t\t\t\t<div class=\"elementor-widget-container\">\n\t\t\t\t\t\t\t\t\t<p>*<em>Les r\u00e9sultats de l&rsquo;examen de janvier 2026 seront disponibles environ 12 semaines apr\u00e8s la date de l&rsquo;examen en raison d\u2019un exercice d\u2019\u00e9tablissement du seuil de r\u00e9ussite.<\/em><\/p>\t\t\t\t\t\t\t\t<\/div>\n\t\t\t\t<\/div>\n\t\t\t\t<div class=\"elementor-element elementor-element-b1f7030 elementor-widget elementor-widget-text-editor\" data-id=\"b1f7030\" data-element_type=\"widget\" data-e-type=\"widget\" data-widget_type=\"text-editor.default\">\n\t\t\t\t<div class=\"elementor-widget-container\">\n\t\t\t\t\t\t\t\t\t<h3>2027<\/h3>\t\t\t\t\t\t\t\t<\/div>\n\t\t\t\t<\/div>\n\t\t\t\t<section class=\"elementor-section elementor-inner-section elementor-element elementor-element-72bf4df elementor-section-boxed elementor-section-height-default elementor-section-height-default\" data-id=\"72bf4df\" data-element_type=\"section\" data-e-type=\"section\">\n\t\t\t\t\t\t<div class=\"elementor-container elementor-column-gap-extended\">\n\t\t\t\t\t<div class=\"elementor-column elementor-col-33 elementor-inner-column elementor-element elementor-element-6c6ca31\" data-id=\"6c6ca31\" data-element_type=\"column\" data-e-type=\"column\">\n\t\t\t<div class=\"elementor-widget-wrap elementor-element-populated\">\n\t\t\t\t\t\t<div class=\"elementor-element elementor-element-9500c51 elementor-widget-mobile__width-auto elementor-view-default elementor-widget elementor-widget-icon\" data-id=\"9500c51\" data-element_type=\"widget\" data-e-type=\"widget\" data-widget_type=\"icon.default\">\n\t\t\t\t<div class=\"elementor-widget-container\">\n\t\t\t\t\t\t\t<div class=\"elementor-icon-wrapper\">\n\t\t\t<div class=\"elementor-icon\">\n\t\t\t<i aria-hidden=\"true\" class=\"fal fa-calendar-day\"><\/i>\t\t\t<\/div>\n\t\t<\/div>\n\t\t\t\t\t\t<\/div>\n\t\t\t\t<\/div>\n\t\t\t\t<div class=\"elementor-element elementor-element-2a7be1a elementor-widget-mobile__width-auto elementor-widget elementor-widget-heading\" data-id=\"2a7be1a\" data-element_type=\"widget\" data-e-type=\"widget\" data-widget_type=\"heading.default\">\n\t\t\t\t<div class=\"elementor-widget-container\">\n\t\t\t\t\t<div class=\"elementor-heading-title elementor-size-default\">Le 13 janvier<\/div>\t\t\t\t<\/div>\n\t\t\t\t<\/div>\n\t\t\t\t\t<\/div>\n\t\t<\/div>\n\t\t\t\t<div class=\"elementor-column elementor-col-33 elementor-inner-column elementor-element elementor-element-2fb9d92\" data-id=\"2fb9d92\" data-element_type=\"column\" data-e-type=\"column\">\n\t\t\t<div class=\"elementor-widget-wrap elementor-element-populated\">\n\t\t\t\t\t\t<div class=\"elementor-element elementor-element-84d2830 elementor-widget-mobile__width-auto elementor-view-default elementor-widget elementor-widget-icon\" data-id=\"84d2830\" data-element_type=\"widget\" data-e-type=\"widget\" data-widget_type=\"icon.default\">\n\t\t\t\t<div class=\"elementor-widget-container\">\n\t\t\t\t\t\t\t<div class=\"elementor-icon-wrapper\">\n\t\t\t<div class=\"elementor-icon\">\n\t\t\t<i aria-hidden=\"true\" class=\"fal fa-calendar-day\"><\/i>\t\t\t<\/div>\n\t\t<\/div>\n\t\t\t\t\t\t<\/div>\n\t\t\t\t<\/div>\n\t\t\t\t<div class=\"elementor-element elementor-element-0600a95 elementor-widget-mobile__width-auto elementor-widget elementor-widget-heading\" data-id=\"0600a95\" data-element_type=\"widget\" data-e-type=\"widget\" data-widget_type=\"heading.default\">\n\t\t\t\t<div class=\"elementor-widget-container\">\n\t\t\t\t\t<div class=\"elementor-heading-title elementor-size-default\">Le 16 juin<\/div>\t\t\t\t<\/div>\n\t\t\t\t<\/div>\n\t\t\t\t\t<\/div>\n\t\t<\/div>\n\t\t\t\t<div class=\"elementor-column elementor-col-33 elementor-inner-column elementor-element elementor-element-46732d8\" data-id=\"46732d8\" data-element_type=\"column\" data-e-type=\"column\">\n\t\t\t<div class=\"elementor-widget-wrap elementor-element-populated\">\n\t\t\t\t\t\t<div class=\"elementor-element elementor-element-b4045fe elementor-widget-mobile__width-auto elementor-view-default elementor-widget elementor-widget-icon\" data-id=\"b4045fe\" data-element_type=\"widget\" data-e-type=\"widget\" data-widget_type=\"icon.default\">\n\t\t\t\t<div class=\"elementor-widget-container\">\n\t\t\t\t\t\t\t<div class=\"elementor-icon-wrapper\">\n\t\t\t<div class=\"elementor-icon\">\n\t\t\t<i aria-hidden=\"true\" class=\"fal fa-calendar-day\"><\/i>\t\t\t<\/div>\n\t\t<\/div>\n\t\t\t\t\t\t<\/div>\n\t\t\t\t<\/div>\n\t\t\t\t<div class=\"elementor-element elementor-element-874d20e elementor-widget-mobile__width-auto elementor-widget elementor-widget-heading\" data-id=\"874d20e\" data-element_type=\"widget\" data-e-type=\"widget\" data-widget_type=\"heading.default\">\n\t\t\t\t<div class=\"elementor-widget-container\">\n\t\t\t\t\t<div class=\"elementor-heading-title elementor-size-default\">Le 22 septembre<\/div>\t\t\t\t<\/div>\n\t\t\t\t<\/div>\n\t\t\t\t\t<\/div>\n\t\t<\/div>\n\t\t\t\t\t<\/div>\n\t\t<\/section>\n\t\t\t\t\t<\/div>\n\t\t<\/div>\n\t\t\t\t\t<\/div>\n\t\t<\/section>\n\t\t\t\t<section class=\"elementor-section elementor-top-section elementor-element elementor-element-1ca1c6a elementor-section-boxed elementor-section-height-default elementor-section-height-default\" data-id=\"1ca1c6a\" data-element_type=\"section\" data-e-type=\"section\" data-settings=\"{&quot;background_background&quot;:&quot;classic&quot;}\">\n\t\t\t\t\t\t<div class=\"elementor-container elementor-column-gap-default\">\n\t\t\t\t\t<div class=\"elementor-column elementor-col-100 elementor-top-column elementor-element elementor-element-7f11a44\" data-id=\"7f11a44\" data-element_type=\"column\" data-e-type=\"column\">\n\t\t\t<div class=\"elementor-widget-wrap elementor-element-populated\">\n\t\t\t\t\t\t<div class=\"elementor-element elementor-element-6ecfdf0 elementor-widget elementor-widget-text-editor\" data-id=\"6ecfdf0\" data-element_type=\"widget\" data-e-type=\"widget\" data-widget_type=\"text-editor.default\">\n\t\t\t\t<div class=\"elementor-widget-container\">\n\t\t\t\t\t\t\t\t\t<h2>Comment r\u00e9server votre rendez-vous<\/h2><p>Votre programme d\u2019\u00e9valuation de la capacit\u00e9 \u00e0 exercer (ECE) vous avisera lorsque votre demande d\u2019examen sera accept\u00e9e. Le Conseil m\u00e9dical du Canada (CMC) vous enverra un message par l\u2019entremise de votre compte inscriptionmed.ca qui contiendra votre num\u00e9ro d\u2019autorisation pour l\u2019examen. Ce message comprendra \u00e9galement des directives pour r\u00e9server votre rendez-vous d\u2019examen et indiquera la date de d\u00e9but de la p\u00e9riode de r\u00e9servation de rendez-vous.<\/p><p>Vous devez r\u00e9server votre rendez-vous en ligne sur le <a href=\"https:\/\/www.prometric.com\/fr\/exams\/tdm\" target=\"_blank\" rel=\"noopener\">site Web de Prometric<\/a>. Vous pouvez r\u00e9server votre rendez-vous jusqu\u2019\u00e0 120 heures avant le jour de l\u2019examen. Il vous faudra votre num\u00e9ro d\u2019autorisation pour l\u2019examen (num\u00e9ro d\u2019admissibilit\u00e9).\u00a0<\/p>\t\t\t\t\t\t\t\t<\/div>\n\t\t\t\t<\/div>\n\t\t\t\t<div class=\"elementor-element elementor-element-0158a2f elementor-widget elementor-widget-button\" data-id=\"0158a2f\" data-element_type=\"widget\" data-e-type=\"widget\" data-widget_type=\"button.default\">\n\t\t\t\t<div class=\"elementor-widget-container\">\n\t\t\t\t\t\t\t\t\t<div class=\"elementor-button-wrapper\">\n\t\t\t\t\t<a class=\"elementor-button elementor-button-link elementor-size-sm\" href=\"\/fr\/examens-et-evaluations\/reserver-une-session-aupres-de-prometric\/\">\n\t\t\t\t\t\t<span class=\"elementor-button-content-wrapper\">\n\t\t\t\t\t\t\t\t\t<span class=\"elementor-button-text\">Directives pour r\u00e9server votre rendez-vous d'examen sur le site Web de Prometric<\/span>\n\t\t\t\t\t<\/span>\n\t\t\t\t\t<\/a>\n\t\t\t\t<\/div>\n\t\t\t\t\t\t\t\t<\/div>\n\t\t\t\t<\/div>\n\t\t\t\t<div class=\"elementor-element elementor-element-7f08b42 elementor-widget elementor-widget-text-editor\" data-id=\"7f08b42\" data-element_type=\"widget\" data-e-type=\"widget\" data-widget_type=\"text-editor.default\">\n\t\t\t\t<div class=\"elementor-widget-container\">\n\t\t\t\t\t\t\t\t\t<p>La r\u00e9servation de rendez-vous est effectu\u00e9e selon le principe du premier arriv\u00e9, premier servi, dans les centres d\u2019examen Prometric disponibles au Canada et dans le monde entier, ou par voie de surveillance \u00e0 distance par l\u2019entremise du syst\u00e8me ProProctor de Prometric. Le CMC ne vous aidera pas \u00e0 r\u00e9server ou \u00e0 modifier votre rendez-vous d\u2019examen. Les rendez-vous sont disponibles seulement pendant les sessions d\u2019examen \u00e9tablies.<\/p>\t\t\t\t\t\t\t\t<\/div>\n\t\t\t\t<\/div>\n\t\t\t\t<div class=\"elementor-element elementor-element-7c204a0 elementor-widget elementor-widget-text-editor\" data-id=\"7c204a0\" data-element_type=\"widget\" data-e-type=\"widget\" data-widget_type=\"text-editor.default\">\n\t\t\t\t<div class=\"elementor-widget-container\">\n\t\t\t\t\t\t\t\t\t<h3>R\u00e9servation d\u2019un rendez-vous d\u2019examen par voie de surveillance \u00e0 distance\u00a0<\/h3><p>Avant de r\u00e9server un rendez-vous d\u2019examen par voie de surveillance \u00e0 distance, veuillez proc\u00e9der \u00e0 la <a href=\"https:\/\/rpcandidate.prometric.com\/\" data-wplink-edit=\"true\">v\u00e9rification des exigences minimales du syst\u00e8me ProProctor<\/a> afin de vous assurer que l\u2019appareil et le r\u00e9seau pr\u00e9vus pour votre rendez-vous d\u2019examen r\u00e9pondent aux exigences minimales de ProProctor en mati\u00e8re de syst\u00e8me et de bande passante. Si vous r\u00e9servez un rendez-vous d\u2019examen par voie de surveillance \u00e0 distance et que vous tentez d\u2019ouvrir une session pour votre examen avec un appareil qui ne r\u00e9pond pas aux exigences minimales requises du syst\u00e8me ProProctor, vous ne serez pas autoris\u00e9 \u00e0 passer l\u2019examen et tous les droits d\u2019inscription ne vous seront pas rembours\u00e9s.<\/p>\t\t\t\t\t\t\t\t<\/div>\n\t\t\t\t<\/div>\n\t\t\t\t<div class=\"elementor-element elementor-element-5f89c0b elementor-widget elementor-widget-button\" data-id=\"5f89c0b\" data-element_type=\"widget\" data-e-type=\"widget\" data-widget_type=\"button.default\">\n\t\t\t\t<div class=\"elementor-widget-container\">\n\t\t\t\t\t\t\t\t\t<div class=\"elementor-button-wrapper\">\n\t\t\t\t\t<a class=\"elementor-button elementor-button-link elementor-size-sm\" href=\"https:\/\/rpcandidate.prometric.com\/\" target=\"_blank\">\n\t\t\t\t\t\t<span class=\"elementor-button-content-wrapper\">\n\t\t\t\t\t\t\t\t\t<span class=\"elementor-button-text\">Lancer la v\u00e9rification des exigences minimales du syst\u00e8me ProProctor<\/span>\n\t\t\t\t\t<\/span>\n\t\t\t\t\t<\/a>\n\t\t\t\t<\/div>\n\t\t\t\t\t\t\t\t<\/div>\n\t\t\t\t<\/div>\n\t\t\t\t<div class=\"elementor-element elementor-element-3bcc203 elementor-widget elementor-widget-text-editor\" data-id=\"3bcc203\" data-element_type=\"widget\" data-e-type=\"widget\" data-widget_type=\"text-editor.default\">\n\t\t\t\t<div class=\"elementor-widget-container\">\n\t\t\t\t\t\t\t\t\t<h3>Rendez-vous pour les examens par voie de surveillance \u00e0 distance en fran\u00e7ais\u00a0<\/h3><p>Des surveillants et du personnel de soutien technique francophones sont disponibles pour assister les candidats de 8 h \u00e0 18 h 30, heure de l\u2019Est (HE).<\/p><p>Si vous souhaitez r\u00e9server un rendez-vous d\u2019examen par voie de surveillance \u00e0 distance en fran\u00e7ais et recevoir de l\u2019aide en fran\u00e7ais au cours de l\u2019examen, vous devez \u00eatre un candidat de l\u2019examen li\u00e9 \u00e0 la prise de d\u00e9cisions th\u00e9rapeutiques (PDT) (c.-\u00e0-d. avoir choisi de passer l\u2019examen li\u00e9 \u00e0 la PDT en fran\u00e7ais) et s\u00e9lectionner un rendez-vous pendant les heures sp\u00e9cifiques indiqu\u00e9es ci-dessus. Si vous s\u00e9lectionnez un rendez-vous en dehors de ces heures, seuls des surveillants et du personnel de soutien technique anglophones seront disponibles lors de votre examen.<\/p><h3>R\u00e9servation dans d\u2019autres fuseaux horaires\u00a0<\/h3><p>Les rendez-vous d\u2019examen sont propos\u00e9s dans diff\u00e9rents fuseaux horaires pour permettre aux candidats de passer l\u2019examen \u00e0 distance dans le monde entier. Vous pouvez choisir des rendez-vous dans un autre fuseau horaire que le v\u00f4tre. V\u00e9rifiez le fuseau horaire de votre rendez-vous lors de la r\u00e9servation ainsi que dans votre confirmation de r\u00e9servation pour vous assurer que vous ne manquerez pas votre examen.\u00a0<\/p>\t\t\t\t\t\t\t\t<\/div>\n\t\t\t\t<\/div>\n\t\t\t\t\t<\/div>\n\t\t<\/div>\n\t\t\t\t\t<\/div>\n\t\t<\/section>\n\t\t\t\t<section class=\"elementor-section elementor-top-section elementor-element elementor-element-7dcfd79 elementor-section-boxed elementor-section-height-default elementor-section-height-default\" data-id=\"7dcfd79\" data-element_type=\"section\" data-e-type=\"section\" data-settings=\"{&quot;background_background&quot;:&quot;classic&quot;}\">\n\t\t\t\t\t\t<div class=\"elementor-container elementor-column-gap-default\">\n\t\t\t\t\t<div class=\"elementor-column elementor-col-100 elementor-top-column elementor-element elementor-element-b1715f6\" data-id=\"b1715f6\" data-element_type=\"column\" data-e-type=\"column\">\n\t\t\t<div class=\"elementor-widget-wrap elementor-element-populated\">\n\t\t\t\t\t\t<div class=\"elementor-element elementor-element-85e2357 elementor-widget elementor-widget-text-editor\" data-id=\"85e2357\" data-element_type=\"widget\" data-e-type=\"widget\" data-widget_type=\"text-editor.default\">\n\t\t\t\t<div class=\"elementor-widget-container\">\n\t\t\t\t\t\t\t\t\t<h2>Comment r\u00e9server votre rendez-vous si des accommodements d\u2019examen vous ont \u00e9t\u00e9 accord\u00e9s\u00a0<\/h2><p>Si vous avez obtenu des accommodements d\u2019examen, communiquez avec <a href=\"https:\/\/www.prometric.com\/fr\/request-accommodations\" target=\"_blank\" rel=\"noopener\">l\u2019\u00e9quipe d\u2019accommodements d&rsquo;examen<\/a> de votre r\u00e9gion g\u00e9ographique afin de r\u00e9server votre rendez-vous d\u2019examen. Veuillez ne pas essayer de r\u00e9server en ligne, car les rendez-vous d\u2019examen avec accommodements qui n\u00e9cessitent plus qu\u2019une salle s\u00e9par\u00e9e doivent \u00eatre r\u00e9serv\u00e9s par t\u00e9l\u00e9phone.<\/p>\t\t\t\t\t\t\t\t<\/div>\n\t\t\t\t<\/div>\n\t\t\t\t<div class=\"elementor-element elementor-element-4ad4d25 elementor-widget elementor-widget-button\" data-id=\"4ad4d25\" data-element_type=\"widget\" data-e-type=\"widget\" data-widget_type=\"button.default\">\n\t\t\t\t<div class=\"elementor-widget-container\">\n\t\t\t\t\t\t\t\t\t<div class=\"elementor-button-wrapper\">\n\t\t\t\t\t<a class=\"elementor-button elementor-button-link elementor-size-sm\" href=\"\/fr\/examens-et-evaluations\/demandes-relatives-aux-examens\/accommodements-dexamen\/\">\n\t\t\t\t\t\t<span class=\"elementor-button-content-wrapper\">\n\t\t\t\t\t\t\t\t\t<span class=\"elementor-button-text\">En savoir plus sur les accommodements d\u2019examen <\/span>\n\t\t\t\t\t<\/span>\n\t\t\t\t\t<\/a>\n\t\t\t\t<\/div>\n\t\t\t\t\t\t\t\t<\/div>\n\t\t\t\t<\/div>\n\t\t\t\t<div class=\"elementor-element elementor-element-789b556 elementor-widget elementor-widget-text-editor\" data-id=\"789b556\" data-element_type=\"widget\" data-e-type=\"widget\" data-widget_type=\"text-editor.default\">\n\t\t\t\t<div class=\"elementor-widget-container\">\n\t\t\t\t\t\t\t\t\t<h3><span style=\"color: #000000;\">Votre num\u00e9ro de confirmation \u00e0 16 chiffres<\/span><\/h3><p>Une fois que vous aurez r\u00e9serv\u00e9 votre rendez-vous d\u2019examen avec Prometric, vous recevrez un courriel contenant un num\u00e9ro de confirmation \u00e0 16 chiffres ainsi que des renseignements sur les prochaines \u00e9tapes. Veuillez conserver ce num\u00e9ro, car vous en aurez besoin pour modifier ou annuler votre rendez-vous d\u2019examen, ou pour consulter les d\u00e9tails de votre rendez-vous sur le site Web de Prometric.<\/p>\t\t\t\t\t\t\t\t<\/div>\n\t\t\t\t<\/div>\n\t\t\t\t\t<\/div>\n\t\t<\/div>\n\t\t\t\t\t<\/div>\n\t\t<\/section>\n\t\t\t\t<section class=\"elementor-section elementor-top-section elementor-element elementor-element-85fada2 elementor-section-boxed elementor-section-height-default elementor-section-height-default\" data-id=\"85fada2\" data-element_type=\"section\" data-e-type=\"section\" data-settings=\"{&quot;background_background&quot;:&quot;classic&quot;}\">\n\t\t\t\t\t\t<div class=\"elementor-container elementor-column-gap-default\">\n\t\t\t\t\t<div class=\"elementor-column elementor-col-100 elementor-top-column elementor-element elementor-element-daa8edf\" data-id=\"daa8edf\" data-element_type=\"column\" data-e-type=\"column\">\n\t\t\t<div class=\"elementor-widget-wrap elementor-element-populated\">\n\t\t\t\t\t\t<div class=\"elementor-element elementor-element-d7ae214 elementor-widget elementor-widget-text-editor\" data-id=\"d7ae214\" data-element_type=\"widget\" data-e-type=\"widget\" data-widget_type=\"text-editor.default\">\n\t\t\t\t<div class=\"elementor-widget-container\">\n\t\t\t\t\t\t\t\t\t<h2>Comment modifier ou annuler votre rendez-vous d\u2019examen<\/h2><p>Vous pouvez essayer de modifier ou annuler votre rendez-vous d\u2019examen en ligne sur <a href=\"https:\/\/www.prometric.com\/fr\/exams\/tdm\" target=\"_blank\" rel=\"noopener\">le site Web de Prometric<\/a>, jusqu\u2019\u00e0 120 heures avant l&rsquo;heure du rendez-vous. Les frais varient en fonction du moment o\u00f9 vous modifiez ou annulez votre rendez-vous. Vous aurez besoin du num\u00e9ro de confirmation \u00e0 16 chiffres que vous avez re\u00e7u lors de la premi\u00e8re prise de rendez-vous. Le CMC ne vous aidera pas \u00e0 modifier ou \u00e0 r\u00e9server le rendez-vous d\u2019examen.<\/p><p>Lorsque vous modifiez votre rendez-vous d&rsquo;examen, vous pouvez le changer d&rsquo;un centre d&rsquo;examen \u00e0 un autre centre d\u2019examen, d\u2019un centre d\u2019examen \u00e0 un examen par voie de surveillance \u00e0 distance, ou d\u2019un examen par voie de surveillance \u00e0 distance \u00e0 un centre d\u2019examen, et ce, en fonction des disponibilit\u00e9s. Si vous souhaitez modifier votre rendez-vous dans une autre modalit\u00e9 (par exemple, d\u2019un centre d\u2019examen \u00e0 un examen par voie de surveillance \u00e0 distance), vous devez d&rsquo;abord annuler le rendez-vous actuel puis r\u00e9server un nouveau rendez-vous.<\/p><p>Vous pouvez modifier votre rendez-vous de l&rsquo;examen li\u00e9 \u00e0 la PDT seulement pour le jour d&rsquo;examen d\u00e9sign\u00e9.<\/p>\t\t\t\t\t\t\t\t<\/div>\n\t\t\t\t<\/div>\n\t\t\t\t<div class=\"elementor-element elementor-element-c54d141 elementor-widget elementor-widget-text-editor\" data-id=\"c54d141\" data-element_type=\"widget\" data-e-type=\"widget\" data-widget_type=\"text-editor.default\">\n\t\t\t\t<div class=\"elementor-widget-container\">\n\t\t\t\t\t\t\t\t\t<h3>Jusqu\u2019\u00e0 31 jours avant votre rendez-vous d\u2019examen<\/h3>\n<p>Si vous modifiez ou annulez votre rendez-vous jusqu\u2019\u00e0 31 jours avant la date de l\u2019examen, vous devrez payer 35 $ (CAN) + TVH \u00e0 Prometric.<\/p>\n<h3>Moins de 30 jours avant votre rendez-vous d\u2019examen<\/h3>\n<p>Si vous modifiez ou annulez votre rendez-vous moins de 30 jours avant la date de l\u2019examen, vous devrez payer 75 $ (CAN) + TVH \u00e0 Prometric.<\/p>\n<h3>Moins de 120 heures avant l\u2019heure du rendez-vous d&rsquo;examen<\/h3>\n<p>Si vous ne vous pr\u00e9sentez pas \u00e0 votre rendez-vous d\u2019examen ou si vous annulez votre rendez-vous d\u2019examen \u00e0 moins de 120 heures avant l&rsquo;heure de votre rendez-vous d&rsquo;examen, vos droits d\u2019inscription ne vous seront pas rembours\u00e9s.<\/p>\t\t\t\t\t\t\t\t<\/div>\n\t\t\t\t<\/div>\n\t\t\t\t<div class=\"elementor-element elementor-element-5042d28 elementor-widget elementor-widget-button\" data-id=\"5042d28\" data-element_type=\"widget\" data-e-type=\"widget\" data-widget_type=\"button.default\">\n\t\t\t\t<div class=\"elementor-widget-container\">\n\t\t\t\t\t\t\t\t\t<div class=\"elementor-button-wrapper\">\n\t\t\t\t\t<a class=\"elementor-button elementor-button-link elementor-size-sm\" href=\"\/fr\/examens-et-evaluations\/examen-lie-a-la-pdt\/retrait\/\">\n\t\t\t\t\t\t<span class=\"elementor-button-content-wrapper\">\n\t\t\t\t\t\t\t\t\t<span class=\"elementor-button-text\">En savoir plus sur le retrait d\u2019une demande<\/span>\n\t\t\t\t\t<\/span>\n\t\t\t\t\t<\/a>\n\t\t\t\t<\/div>\n\t\t\t\t\t\t\t\t<\/div>\n\t\t\t\t<\/div>\n\t\t\t\t\t<\/div>\n\t\t<\/div>\n\t\t\t\t\t<\/div>\n\t\t<\/section>\n\t\t\t\t<section class=\"elementor-section elementor-top-section elementor-element elementor-element-92b7723 elementor-section-boxed elementor-section-height-default elementor-section-height-default\" data-id=\"92b7723\" data-element_type=\"section\" data-e-type=\"section\">\n\t\t\t\t\t\t<div class=\"elementor-container elementor-column-gap-default\">\n\t\t\t\t\t<div class=\"elementor-column elementor-col-100 elementor-top-column elementor-element elementor-element-8fe7c03\" data-id=\"8fe7c03\" data-element_type=\"column\" data-e-type=\"column\">\n\t\t\t<div class=\"elementor-widget-wrap elementor-element-populated\">\n\t\t\t\t\t\t<div class=\"elementor-element elementor-element-8503c53 elementor-widget elementor-widget-heading\" data-id=\"8503c53\" data-element_type=\"widget\" data-e-type=\"widget\" data-widget_type=\"heading.default\">\n\t\t\t\t<div class=\"elementor-widget-container\">\n\t\t\t\t\t<span class=\"elementor-heading-title elementor-size-default\">Continuer la lecture...<\/span>\t\t\t\t<\/div>\n\t\t\t\t<\/div>\n\t\t\t\t\t<\/div>\n\t\t<\/div>\n\t\t\t\t\t<\/div>\n\t\t<\/section>\n\t\t\t\t<section class=\"elementor-section elementor-top-section elementor-element elementor-element-bc2587b elementor-section-boxed elementor-section-height-default elementor-section-height-default\" data-id=\"bc2587b\" data-element_type=\"section\" data-e-type=\"section\">\n\t\t\t\t\t\t<div class=\"elementor-container elementor-column-gap-default\">\n\t\t\t\t\t<div class=\"elementor-column elementor-col-100 elementor-top-column elementor-element elementor-element-cc21632\" data-id=\"cc21632\" data-element_type=\"column\" data-e-type=\"column\">\n\t\t\t<div class=\"elementor-widget-wrap elementor-element-populated\">\n\t\t\t\t\t\t<div class=\"elementor-element elementor-element-3eb5229 elementor-widget elementor-widget-mwnavigator\" data-id=\"3eb5229\" data-element_type=\"widget\" data-e-type=\"widget\" data-widget_type=\"mwnavigator.default\">\n\t\t\t\t<div class=\"elementor-widget-container\">\n\t\t\t\t\t<div class=\"mw-navigator\"><div class=\"link-block\"><a href=\"https:\/\/mcc.ca\/fr\/examens-et-evaluations\/examen-lie-a-la-pdt\/admissibilite-et-demande\/\"><span class=\"link-title\">Admissibilit\u00e9 et demande<\/span><span class=\"indicator\">Section pr\u00e9c\u00e9dente<\/span><\/a><\/div><div class=\"link-block\"><a href=\"https:\/\/mcc.ca\/fr\/examens-et-evaluations\/examen-lie-a-la-pdt\/jour-de-lexamen\/\"><span class=\"link-title\">Jour de l'examen<\/span><span class=\"indicator\">Section suivante<\/span><\/a><\/div><\/div>\t\t\t\t<\/div>\n\t\t\t\t<\/div>\n\t\t\t\t\t<\/div>\n\t\t<\/div>\n\t\t\t\t\t<\/div>\n\t\t<\/section>\n\t\t\t\t<\/div>\n\t\t","protected":false},"excerpt":{"rendered":"<p>Section menu Aper\u00e7uAdmissibilit\u00e9 et demandePlanificationJour de l&rsquo;examenR\u00e9sultatsRetrait \u00c0 l\u2019automne 2026, le Conseil m\u00e9dical du Canada (CMC) mettra en \u0153uvre un nouveau processus d\u2019inscription pour l\u2019examen li\u00e9 \u00e0 la prise de d\u00e9cisions th\u00e9rapeutiques (PDT). \u00c0 compter de la session d\u2019examen de septembre 2026, les candidats s\u2019inscriront \u00e0 l\u2019examen directement aupr\u00e8s du CMC et non plus aupr\u00e8s [&hellip;]<\/p>\n","protected":false},"author":30,"featured_media":0,"parent":13617,"menu_order":8,"comment_status":"closed","ping_status":"closed","template":"","meta":{"_acf_changed":false,"content-type":"","_relevanssi_hide_post":"","_relevanssi_hide_content":"","_relevanssi_pin_for_all":"","_relevanssi_pin_keywords":"","_relevanssi_unpin_keywords":"","_relevanssi_related_keywords":"","_relevanssi_related_include_ids":"","_relevanssi_related_exclude_ids":"","_relevanssi_related_no_append":"","_relevanssi_related_not_related":"","_relevanssi_related_posts":"3897","_relevanssi_noindex_reason":"","footnotes":""},"class_list":["post-13626","page","type-page","status-publish","hentry"],"acf":{"inherit_intro_image":true,"page_intro_text":"Quand l\u2019examen li\u00e9 \u00e0 la PDT est offert et comment r\u00e9server ou faire des changements \u00e0 votre rendez-vous d\u2019examen.\r\n"},"aioseo_notices":[],"_links":{"self":[{"href":"https:\/\/mcc.ca\/fr\/wp-json\/wp\/v2\/pages\/13626","targetHints":{"allow":["GET"]}}],"collection":[{"href":"https:\/\/mcc.ca\/fr\/wp-json\/wp\/v2\/pages"}],"about":[{"href":"https:\/\/mcc.ca\/fr\/wp-json\/wp\/v2\/types\/page"}],"author":[{"embeddable":true,"href":"https:\/\/mcc.ca\/fr\/wp-json\/wp\/v2\/users\/30"}],"replies":[{"embeddable":true,"href":"https:\/\/mcc.ca\/fr\/wp-json\/wp\/v2\/comments?post=13626"}],"version-history":[{"count":5,"href":"https:\/\/mcc.ca\/fr\/wp-json\/wp\/v2\/pages\/13626\/revisions"}],"predecessor-version":[{"id":30711,"href":"https:\/\/mcc.ca\/fr\/wp-json\/wp\/v2\/pages\/13626\/revisions\/30711"}],"up":[{"embeddable":true,"href":"https:\/\/mcc.ca\/fr\/wp-json\/wp\/v2\/pages\/13617"}],"wp:attachment":[{"href":"https:\/\/mcc.ca\/fr\/wp-json\/wp\/v2\/media?parent=13626"}],"curies":[{"name":"wp","href":"https:\/\/api.w.org\/{rel}","templated":true}]}}