{"id":9667,"date":"2026-03-31T08:00:00","date_gmt":"2026-03-31T12:00:00","guid":{"rendered":"https:\/\/mcc2022.wpengine.com\/?post_type=objectives&#038;p=9667"},"modified":"2026-03-31T08:01:44","modified_gmt":"2026-03-31T12:01:44","slug":"prise-en-charge-dune-epidemie","status":"publish","type":"objectives","link":"https:\/\/mcc.ca\/fr\/objectifs\/expert-medical\/sante-des-populations-et-ses-facteurs-determinants\/prise-en-charge-dune-epidemie\/","title":{"rendered":"Prise en charge d&rsquo;une \u00e9pid\u00e9mie"},"content":{"rendered":"\n<h2 class=\"wp-block-heading\">Explication<\/h2>\n\n\n\n<p>Les m\u00e9decins jouent un r\u00f4le crucial dans la lutte contre les \u00e9pid\u00e9mies. Ils doivent pouvoir d\u00e9tecter et diagnostiquer les cas, savoir reconna\u00eetre les \u00e9closions, les d\u00e9clarer aux autorit\u00e9s en mati\u00e8re de sant\u00e9 publique et collaborer avec les autorit\u00e9s pour en limiter la propagation et la dur\u00e9e. Par exemple, un m\u00e9decin peut \u00eatre appel\u00e9 \u00e0 prendre en charge une \u00e9pid\u00e9mie d\u2019influenza dans un centre de soins de longue dur\u00e9e ou une \u00e9pid\u00e9mie de rougeole dans la collectivit\u00e9.<\/p>\n\n\n\n<h2 class=\"wp-block-heading\">Objectifs principaux<\/h2>\n\n\n\n<ol class=\"wp-block-list\">\n<li>Le candidat devra conna\u00eetre les caract\u00e9ristiques d\u00e9terminantes d\u2019une \u00e9pid\u00e9mie et savoir en reconna\u00eetre les signes<\/li>\n\n\n\n<li>Le candidat devra poss\u00e9der des comp\u00e9tences essentielles afin d\u2019att\u00e9nuer les \u00e9pid\u00e9mies et leurs r\u00e9percussions sur le public, en collaboration avec les autorit\u00e9s en mati\u00e8re de sant\u00e9 publique, le cas \u00e9ch\u00e9ant<\/li>\n<\/ol>\n\n\n\n<h2 class=\"wp-block-heading\">Objectifs sp\u00e9cifiques<\/h2>\n\n\n\n<ol class=\"wp-block-list\">\n<li>D\u00e9finir une \u00e9pid\u00e9mie comme \u00e9tant un certain nombre de cas d\u00e9passant les pr\u00e9visions habituelles<\/li>\n\n\n\n<li>D\u00e9crire et comprendre les principales \u00e9tapes de la pr\u00e9vention et de la prise en charge des \u00e9pid\u00e9mies<\/li>\n\n\n\n<li>Poss\u00e9der les comp\u00e9tences n\u00e9cessaires pour prendre en charge de fa\u00e7on efficace une \u00e9pid\u00e9mie, y compris la mise en \u0153uvre de mesures de pr\u00e9vention environnementale lorsqu\u2019une \u00e9pid\u00e9mie est attribuable \u00e0 un agent infectieux.<\/li>\n\n\n\n<li>D\u00e9crire les diff\u00e9rentes m\u00e9thodes de pr\u00e9vention des infections, y compris l\u2019immunoprophylaxie et la chimioprophylaxie, et \u00e9tablir laquelle il convient d\u2019adopter selon le type d\u2019\u00e9pid\u00e9mie.<\/li>\n\n\n\n<li>\u00catre en mesure de communiquer efficacement avec les patients et la collectivit\u00e9 dans son ensemble.<\/li>\n\n\n\n<li>D\u00e9crire les m\u00e9thodes appropri\u00e9es de pr\u00e9vention ou de r\u00e9duction des risques de r\u00e9surgence de l\u2019\u00e9pid\u00e9mie, y compris les mesures d\u2019isolement et de quarantaine.<\/li>\n<\/ol>\n","protected":false},"excerpt":{"rendered":"<p>Explication Les m\u00e9decins jouent un r\u00f4le crucial dans la lutte contre les \u00e9pid\u00e9mies. Ils doivent pouvoir d\u00e9tecter et diagnostiquer les cas, savoir reconna\u00eetre les \u00e9closions, les d\u00e9clarer aux autorit\u00e9s en mati\u00e8re de sant\u00e9 publique et collaborer avec les autorit\u00e9s pour en limiter la propagation et la dur\u00e9e. Par exemple, un m\u00e9decin peut \u00eatre appel\u00e9 \u00e0 [&hellip;]<\/p>\n","protected":false},"featured_media":0,"parent":9074,"menu_order":270,"template":"","format":"standard","class_list":["post-9667","objectives","type-objectives","status-publish","format-standard","hentry"],"acf":{"legacy_id":"78-5","version":"mars 2026"},"aioseo_notices":[],"_links":{"self":[{"href":"https:\/\/mcc.ca\/fr\/wp-json\/wp\/v2\/objectives\/9667","targetHints":{"allow":["GET"]}}],"collection":[{"href":"https:\/\/mcc.ca\/fr\/wp-json\/wp\/v2\/objectives"}],"about":[{"href":"https:\/\/mcc.ca\/fr\/wp-json\/wp\/v2\/types\/objectives"}],"up":[{"embeddable":true,"href":"https:\/\/mcc.ca\/fr\/wp-json\/wp\/v2\/objectives\/9074"}],"wp:attachment":[{"href":"https:\/\/mcc.ca\/fr\/wp-json\/wp\/v2\/media?parent=9667"}],"curies":[{"name":"wp","href":"https:\/\/api.w.org\/{rel}","templated":true}]}}