{"id":9663,"date":"2026-03-31T08:00:00","date_gmt":"2026-03-31T12:00:00","guid":{"rendered":"https:\/\/mcc2022.wpengine.com\/?post_type=objectives&#038;p=9663"},"modified":"2026-03-31T08:01:48","modified_gmt":"2026-03-31T12:01:48","slug":"douleur-musculosquelettique-non-articulaire","status":"publish","type":"objectives","link":"https:\/\/mcc.ca\/fr\/objectifs\/expert-medical\/douleur-articulaire\/douleur-musculosquelettique-non-articulaire\/","title":{"rendered":"Douleur musculosquelettique non articulaire"},"content":{"rendered":"\n<h2 class=\"wp-block-heading\">Explication<\/h2>\n\n\n\n<p>Bien que la douleur musculosquelettique non articulaire soit une affection courante, elle est rarement due \u00e0 une affection susceptible de causer des dommages ou de mettre la vie en danger. Parfois appel\u00e9e \u00ab douleur des tissus mous \u00bb, elle constitue une source courante de pr\u00e9occupation et un motif fr\u00e9quent de consultation m\u00e9dicale.<\/p>\n\n\n\n<h2 class=\"wp-block-heading\">\u00c9tiologie<\/h2>\n\n\n\n<p>(liste non exhaustive)<\/p>\n\n\n\n<ol style=\"list-style-type:ordered\" class=\"wp-block-list\">\n<li>Douleur g\u00e9n\u00e9ralis\u00e9e\n<ol style=\"list-style-type:lower-alpha\" class=\"wp-block-list\">\n<li>Douleur aigu\u00eb (p. ex. infections virales)<\/li>\n\n\n\n<li>Douleur chronique (p. ex. fibromyalgie)<\/li>\n<\/ol>\n<\/li>\n\n\n\n<li>Douleur localis\u00e9e\n<ol style=\"list-style-type:lower-alpha\" class=\"wp-block-list\">\n<li>Douleur aigu\u00eb\n<ol style=\"list-style-type:lower-roman\" class=\"wp-block-list\">\n<li>Traumatisme<\/li>\n\n\n\n<li>Infection (p. ex. ost\u00e9omy\u00e9lite, fasciite n\u00e9crosante)<\/li>\n\n\n\n<li>Causes vasculaires (p. ex. syndrome des loges\/compartimental, dr\u00e9panocytose)<\/li>\n\n\n\n<li>Douleur r\u00e9f\u00e9r\u00e9e visc\u00e9rale (p. ex. douleur \u00e0 la pointe de l\u2019\u00e9paule droite due \u00e0 une chol\u00e9cystite aigu\u00eb ou \u00e0 un infarctus spl\u00e9nique; douleur \u00e0 la pointe de l\u2019\u00e9paule due \u00e0 un abc\u00e8s sous-phr\u00e9nique ipsilat\u00e9ral; an\u00e9vrisme diss\u00e9quant; pleur\u00e9sie; p\u00e9ricardite)<\/li>\n<\/ol>\n<\/li>\n\n\n\n<li>Douleur chronique\n<ol style=\"list-style-type:lower-roman\" class=\"wp-block-list\">\n<li>Causes m\u00e9caniques (p. ex. tendinopathie, bursite, enth\u00e9site)<\/li>\n\n\n\n<li>Causes vasculaires (p. ex. claudication intermittente)<\/li>\n\n\n\n<li>Causes n\u00e9oplasiques<\/li>\n\n\n\n<li>Causes neuropathiques<\/li>\n\n\n\n<li>Syndrome douloureux r\u00e9gional complexe<\/li>\n<\/ol>\n<\/li>\n<\/ol>\n<\/li>\n<\/ol>\n\n\n\n<h2 class=\"wp-block-heading\">Objectifs principaux<\/h2>\n\n\n\n<p>Dans le cas d\u2019un patient pr\u00e9sentant une douleur musculosquelettique, le candidat devra pouvoir distinguer les sympt\u00f4mes dus \u00e0 des causes osseuses, articulaires, musculaires, nerveuses ou vasculaires. Le candidat devra pouvoir ensuite classifier la pathologie sous-jacente probable et d\u00e9terminer si une intervention d\u2019urgence est n\u00e9cessaire.<\/p>\n\n\n\n<h2 class=\"wp-block-heading\">Objectifs sp\u00e9cifiques<\/h2>\n\n\n\n<p>Dans le cas d\u2019un patient pr\u00e9sentant une douleur musculosquelettique, le candidat devra<\/p>\n\n\n\n<ol style=\"list-style-type:ordered\" class=\"wp-block-list\">\n<li>\u00e9num\u00e9rer et interpr\u00e9ter les constatations cliniques cruciales, notamment celles fond\u00e9es sur :\n<ol style=\"list-style-type:lower-alpha\" class=\"wp-block-list\">\n<li>la d\u00e9termination du m\u00e9canisme anatomique et pathog\u00e8ne probable de la douleur;<\/li>\n\n\n\n<li>la d\u00e9termination \u00e0 savoir si un examen urgent est n\u00e9cessaire;<\/li>\n\n\n\n<li>la d\u00e9termination des facteurs d\u00e9clenchants potentiels;<\/li>\n\n\n\n<li>une \u00e9valuation de l\u2019impact fonctionnel;<\/li>\n\n\n\n<li>les ant\u00e9c\u00e9dents li\u00e9s aux activit\u00e9s professionnelles et r\u00e9cr\u00e9atives;<\/li>\n<\/ol>\n<\/li>\n\n\n\n<li>\u00e9num\u00e9rer les examens essentiels et en interpr\u00e9ter les r\u00e9sultats, notamment :\n<ol style=\"list-style-type:lower-alpha\" class=\"wp-block-list\">\n<li>les examens initiaux appropri\u00e9s (p. ex. analyses de laboratoire, radiographies);<\/li>\n\n\n\n<li>les examens plus pouss\u00e9s ou sp\u00e9cialis\u00e9s (p. ex. \u00e9chographie Doppler, imagerie par r\u00e9sonance magn\u00e9tique, \u00e9tudes de conduction nerveuse), s\u2019il y a lieu;<\/li>\n<\/ol>\n<\/li>\n\n\n\n<li>\u00e9tablir un plan efficace de prise en charge, notamment :\n<ol style=\"list-style-type:lower-alpha\" class=\"wp-block-list\">\n<li>prise en charge urgente ou aigu\u00eb en cas de pathologie grave;<\/li>\n\n\n\n<li>information et conseils \u00e0 propos des affections b\u00e9nignes ou spontan\u00e9ment r\u00e9solutives;<\/li>\n\n\n\n<li>conseils sur le retour \u00e0 la vie normale;<\/li>\n\n\n\n<li>orientation vers des soins sp\u00e9cialis\u00e9s, s\u2019il y a lieu.<\/li>\n<\/ol>\n<\/li>\n<\/ol>\n","protected":false},"excerpt":{"rendered":"<p>Explication Bien que la douleur musculosquelettique non articulaire soit une affection courante, elle est rarement due \u00e0 une affection susceptible de causer des dommages ou de mettre la vie en danger. Parfois appel\u00e9e \u00ab douleur des tissus mous \u00bb, elle constitue une source courante de pr\u00e9occupation et un motif fr\u00e9quent de consultation m\u00e9dicale. \u00c9tiologie (liste [&hellip;]<\/p>\n","protected":false},"featured_media":0,"parent":8976,"menu_order":181,"template":"","format":"standard","class_list":["post-9663","objectives","type-objectives","status-publish","format-standard","hentry"],"acf":{"legacy_id":"50-3","version":"mars 2026"},"aioseo_notices":[],"_links":{"self":[{"href":"https:\/\/mcc.ca\/fr\/wp-json\/wp\/v2\/objectives\/9663","targetHints":{"allow":["GET"]}}],"collection":[{"href":"https:\/\/mcc.ca\/fr\/wp-json\/wp\/v2\/objectives"}],"about":[{"href":"https:\/\/mcc.ca\/fr\/wp-json\/wp\/v2\/types\/objectives"}],"up":[{"embeddable":true,"href":"https:\/\/mcc.ca\/fr\/wp-json\/wp\/v2\/objectives\/8976"}],"wp:attachment":[{"href":"https:\/\/mcc.ca\/fr\/wp-json\/wp\/v2\/media?parent=9663"}],"curies":[{"name":"wp","href":"https:\/\/api.w.org\/{rel}","templated":true}]}}