{"id":9603,"date":"2025-03-05T11:27:18","date_gmt":"2025-03-05T16:27:18","guid":{"rendered":"https:\/\/mcc2022.wpengine.com\/?post_type=objectives&#038;p=9603"},"modified":"2025-03-12T11:01:37","modified_gmt":"2025-03-12T15:01:37","slug":"oedeme-generalise","status":"publish","type":"objectives","link":"https:\/\/mcc.ca\/fr\/objectifs\/expert-medical\/oedeme-anasarque-ascite\/oedeme-generalise\/","title":{"rendered":"\u0152d\u00e8me g\u00e9n\u00e9ralis\u00e9"},"content":{"rendered":"\n<h2 class=\"wp-block-heading\">Explication<\/h2>\n\n\n\n<p>L\u2019\u0153d\u00e8me g\u00e9n\u00e9ralis\u00e9 est une enflure palpable des tissus mous r\u00e9sultant d\u2019une augmentation du volume du liquide interstitiel. Cette affection peut \u00eatre due \u00e0 de graves maladies sous-jacentes et \u00eatre potentiellement mortelle.<\/p>\n\n\n\n<h2 class=\"wp-block-heading\">\u00c9tiologie<\/h2>\n\n\n\n<p>(liste non exhaustive)<\/p>\n\n\n\n<ol style=\"list-style-type:ordered\" class=\"wp-block-list\">\n<li>Hausse de la pression hydrostatique capillaire\n<ol style=\"list-style-type:lower-alpha\" class=\"wp-block-list\">\n<li>Augmentation du volume plasmatique en raison de la r\u00e9tention r\u00e9nale de sodium\n<ol style=\"list-style-type:lower-roman\" class=\"wp-block-list\">\n<li>Insuffisance cardiaque<\/li>\n\n\n\n<li>Diminution de la r\u00e9sistance vasculaire syst\u00e9mique (p. ex. cirrhose)<\/li>\n\n\n\n<li>R\u00e9tention r\u00e9nale primaire de sodium (p. ex. n\u00e9phropathie, m\u00e9dicaments)<\/li>\n\n\n\n<li>Grossesse<\/li>\n\n\n\n<li>\u0152d\u00e8me pr\u00e9menstruel<\/li>\n<\/ol>\n<\/li>\n\n\n\n<li>Diminution de la r\u00e9sistance art\u00e9riolaire (p. ex. bloqueurs des canaux calciques, d\u2019origine idiopathique)<\/li>\n<\/ol>\n<\/li>\n\n\n\n<li>Baisse de la pression oncotique (hypoalbumin\u00e9mie)\n<ol style=\"list-style-type:lower-alpha\" class=\"wp-block-list\">\n<li>Perte prot\u00e9ique (p. ex. syndrome n\u00e9phrotique)<\/li>\n\n\n\n<li>Diminution de la synth\u00e8se d\u2019albumine (p.&nbsp;ex. maladie h\u00e9patique, malnutrition)<\/li>\n<\/ol>\n<\/li>\n\n\n\n<li>Augmentation de la perm\u00e9abilit\u00e9 capillaire (p.&nbsp;ex. br\u00fblures, inflammation)<\/li>\n\n\n\n<li>Hausse de la pression oncotique interstitielle (p.&nbsp;ex. myx\u0153d\u00e8me)<\/li>\n<\/ol>\n\n\n\n<h2 class=\"wp-block-heading\">Objectifs principaux<\/h2>\n\n\n\n<p>Dans le cas d\u2019un patient ayant un \u0153d\u00e8me g\u00e9n\u00e9ralis\u00e9, le candidat devra en diagnostiquer la cause, la gravit\u00e9 et les complications, et mettre en place un plan de prise en charge appropri\u00e9. Il devra en particulier pouvoir distinguer un \u0153d\u00e8me g\u00e9n\u00e9ralis\u00e9 d\u2019un \u0153d\u00e8me local et reconna\u00eetre les divers m\u00e9canismes de l\u2019\u0153d\u00e8me, car cela peut avoir une incidence sur la prise en charge.<\/p>\n\n\n\n<h2 class=\"wp-block-heading\">Objectifs sp\u00e9cifiques<\/h2>\n\n\n\n<p>Dans le cas d&rsquo;un patient ayant un \u0153d\u00e8me g\u00e9n\u00e9ralis\u00e9, le candidat devra<\/p>\n\n\n\n<ol style=\"list-style-type:ordered\" class=\"wp-block-list\">\n<li>\u00e9num\u00e9rer et interpr\u00e9ter les constatations cliniques cruciales, notamment celles d\u00e9coulant d\u2019une anamn\u00e8se et d\u2019un examen physique appropri\u00e9s;<\/li>\n\n\n\n<li>\u00e9num\u00e9rer et interpr\u00e9ter les examens essentiels (p.&nbsp;ex. dosage de la cr\u00e9atinine, analyse d\u2019urine, radiographie pulmonaire);<\/li>\n\n\n\n<li>\u00e9tablir un plan efficace de prise en charge initiale, notamment&nbsp;:\n<ol style=\"list-style-type:lower-alpha\" class=\"wp-block-list\">\n<li>mettre en place des mesures non pharmacologiques (p. ex. alimentation pauvre en sel);<\/li>\n\n\n\n<li>mettre en place des mesures pharmacologiques;<\/li>\n\n\n\n<li>d\u00e9terminer si le patient a besoin d\u2019une consultation et\/ou de soins sp\u00e9cialis\u00e9s (p. ex. patient atteint d\u2019une maladie r\u00e9nale, cardiaque ou h\u00e9patique de stade avanc\u00e9).<\/li>\n<\/ol>\n<\/li>\n<\/ol>\n\n\n\n<p><\/p>\n","protected":false},"excerpt":{"rendered":"<p>Explication L\u2019\u0153d\u00e8me g\u00e9n\u00e9ralis\u00e9 est une enflure palpable des tissus mous r\u00e9sultant d\u2019une augmentation du volume du liquide interstitiel. Cette affection peut \u00eatre due \u00e0 de graves maladies sous-jacentes et \u00eatre potentiellement mortelle. \u00c9tiologie (liste non exhaustive) Objectifs principaux Dans le cas d\u2019un patient ayant un \u0153d\u00e8me g\u00e9n\u00e9ralis\u00e9, le candidat devra en diagnostiquer la cause, la [&hellip;]<\/p>\n","protected":false},"featured_media":0,"parent":8930,"menu_order":117,"template":"","format":"standard","class_list":["post-9603","objectives","type-objectives","status-publish","format-standard","hentry"],"acf":{"legacy_id":"29-1","version":"mars 2025"},"aioseo_notices":[],"_links":{"self":[{"href":"https:\/\/mcc.ca\/fr\/wp-json\/wp\/v2\/objectives\/9603","targetHints":{"allow":["GET"]}}],"collection":[{"href":"https:\/\/mcc.ca\/fr\/wp-json\/wp\/v2\/objectives"}],"about":[{"href":"https:\/\/mcc.ca\/fr\/wp-json\/wp\/v2\/types\/objectives"}],"up":[{"embeddable":true,"href":"https:\/\/mcc.ca\/fr\/wp-json\/wp\/v2\/objectives\/8930"}],"wp:attachment":[{"href":"https:\/\/mcc.ca\/fr\/wp-json\/wp\/v2\/media?parent=9603"}],"curies":[{"name":"wp","href":"https:\/\/api.w.org\/{rel}","templated":true}]}}