{"id":8938,"date":"2023-07-26T12:07:10","date_gmt":"2023-07-26T16:07:10","guid":{"rendered":"https:\/\/mcc2022.wpengine.com\/?post_type=objectives&#038;p=8938"},"modified":"2024-01-17T12:40:39","modified_gmt":"2024-01-17T17:40:39","slug":"fatigue","status":"publish","type":"objectives","link":"https:\/\/mcc.ca\/fr\/objectifs\/expert-medical\/fatigue\/","title":{"rendered":"Fatigue"},"content":{"rendered":"\n<h2 class=\"wp-block-heading\">Explication<\/h2>\n\n\n\n<p>La fatigue est une manifestation courante, particuli\u00e8rement dans le contexte des soins primaires. Cependant, vu son manque de sp\u00e9cificit\u00e9, il n\u2019est pas toujours possible d\u2019en \u00e9tablir la cause rapidement. La cl\u00e9 pour \u00e9tablir un diagnostic est donc une anamn\u00e8se soign\u00e9e et d\u00e9taill\u00e9e, suivie d\u2019un examen physique appropri\u00e9 et d\u2019analyses de laboratoire judicieuses.<\/p>\n\n\n\n<p>Bien que la fatigue puisse \u00eatre un sympt\u00f4me de presque n\u2019importe quelle maladie, les affections \u00e9num\u00e9r\u00e9es ci-dessous sont celles dont elle est le sympt\u00f4me pr\u00e9dominant et presque exclusif.<\/p>\n\n\n\n<h2 class=\"wp-block-heading\">\u00c9tiologie<\/h2>\n\n\n\n<p>(liste non exhaustive)<\/p>\n\n\n\n<ol class=\"wp-block-list\" style=\"list-style-type:ordered\">\n<li>Causes iatrog\u00e8nes ou pharmacologiques\n<ol class=\"wp-block-list\" style=\"list-style-type:lower-alpha\">\n<li>Hypnotiques<\/li>\n\n\n\n<li>Antihypertenseurs<\/li>\n\n\n\n<li>Antid\u00e9presseurs<\/li>\n\n\n\n<li>Trouble de l\u2019usage de substances<\/li>\n<\/ol>\n<\/li>\n\n\n\n<li>Origine idiopathique\n<ol class=\"wp-block-list\" style=\"list-style-type:lower-alpha\">\n<li>Fatigue chronique idiopathique<\/li>\n\n\n\n<li>Syndrome de fatigue chronique<\/li>\n\n\n\n<li>Fibromyalgie<\/li>\n<\/ol>\n<\/li>\n\n\n\n<li>Autres cat\u00e9gories de maladies caract\u00e9ris\u00e9es par la fatigue\n<ol class=\"wp-block-list\" style=\"list-style-type:lower-alpha\">\n<li>Maladies psychiatriques<\/li>\n\n\n\n<li>Maladies endocriniennes et m\u00e9taboliques<\/li>\n\n\n\n<li>Maladies cardiopulmonaires<\/li>\n\n\n\n<li>Maladies infectieuses et post-infectieuses (p.&nbsp;ex. syndrome post-COVID ou COVID longue)<\/li>\n\n\n\n<li>Maladies du tissu conjonctif<\/li>\n\n\n\n<li>Perturbations du sommeil (p.&nbsp;ex. travail par quarts)<\/li>\n\n\n\n<li>Maladies n\u00e9oplasiques<\/li>\n\n\n\n<li>Maladies h\u00e9matologiques<\/li>\n<\/ol>\n<\/li>\n<\/ol>\n\n\n\n<h2 class=\"wp-block-heading\">Objectifs principaux<\/h2>\n\n\n\n<p>Dans le cas d\u2019un patient \u00e9prouvant de la fatigue, le candidat devra faire une anamn\u00e8se et un examen m\u00e9dical complets dans le but d\u2019en d\u00e9terminer la cause sous-jacente.<\/p>\n\n\n\n<h2 class=\"wp-block-heading\">Objectifs sp\u00e9cifiques<\/h2>\n\n\n\n<p>Dans le cas d\u2019un patient \u00e9prouvant de la fatigue, le candidat devra<\/p>\n\n\n\n<ol class=\"wp-block-list\" style=\"list-style-type:ordered\">\n<li>recenser et interpr\u00e9ter les constatations cliniques cruciales, notamment&nbsp;:\n<ol class=\"wp-block-list\" style=\"list-style-type:lower-alpha\">\n<li>les caract\u00e9ristiques les plus susceptibles d\u2019\u00eatre li\u00e9es \u00e0 une cause psychologique ou iatrog\u00e8ne;<\/li>\n\n\n\n<li>les r\u00e9sultats d\u2019un examen physique complet;<\/li>\n<\/ol>\n<\/li>\n\n\n\n<li>s\u00e9lectionner et interpr\u00e9ter les examens de laboratoire de fa\u00e7on judicieuse, sachant que ceux-ci peuvent \u00eatre d\u2019un int\u00e9r\u00eat limit\u00e9 en l\u2019absence de signes de localisation;<\/li>\n\n\n\n<li>\u00e9tablir un plan efficace de prise en charge initiale, notamment&nbsp;:\n<ol class=\"wp-block-list\" style=\"list-style-type:lower-alpha\">\n<li>traiter toute cause sous-jacente;<\/li>\n\n\n\n<li>\u00e9tablir un plan de prise en charge qui permettra de minimiser les effets de la fatigue sur l\u2019\u00e9tat fonctionnel et la qualit\u00e9 de vie si aucune cause sous-jacente n\u2019a pu \u00eatre identifi\u00e9e.<\/li>\n<\/ol>\n<\/li>\n<\/ol>\n","protected":false},"excerpt":{"rendered":"<p>Explication La fatigue est une manifestation courante, particuli\u00e8rement dans le contexte des soins primaires. Cependant, vu son manque de sp\u00e9cificit\u00e9, il n\u2019est pas toujours possible d\u2019en \u00e9tablir la cause rapidement. La cl\u00e9 pour \u00e9tablir un diagnostic est donc une anamn\u00e8se soign\u00e9e et d\u00e9taill\u00e9e, suivie d\u2019un examen physique appropri\u00e9 et d\u2019analyses de laboratoire judicieuses. Bien que [&hellip;]<\/p>\n","protected":false},"featured_media":0,"parent":0,"menu_order":144,"template":"","format":"standard","class_list":["post-8938","objectives","type-objectives","status-publish","format-standard","hentry"],"acf":{"legacy_id":"33","version":"mars 2023"},"aioseo_notices":[],"_links":{"self":[{"href":"https:\/\/mcc.ca\/fr\/wp-json\/wp\/v2\/objectives\/8938","targetHints":{"allow":["GET"]}}],"collection":[{"href":"https:\/\/mcc.ca\/fr\/wp-json\/wp\/v2\/objectives"}],"about":[{"href":"https:\/\/mcc.ca\/fr\/wp-json\/wp\/v2\/types\/objectives"}],"wp:attachment":[{"href":"https:\/\/mcc.ca\/fr\/wp-json\/wp\/v2\/media?parent=8938"}],"curies":[{"name":"wp","href":"https:\/\/api.w.org\/{rel}","templated":true}]}}