{"id":8926,"date":"2023-07-26T12:00:41","date_gmt":"2023-07-26T16:00:41","guid":{"rendered":"https:\/\/mcc2022.wpengine.com\/?post_type=objectives&#038;p=8926"},"modified":"2024-01-17T12:16:22","modified_gmt":"2024-01-17T17:16:22","slug":"detresse-respiratoire-chez-lenfant","status":"publish","type":"objectives","link":"https:\/\/mcc.ca\/fr\/objectifs\/expert-medical\/detresse-respiratoire-chez-lenfant\/","title":{"rendered":"D\u00e9tresse respiratoire chez l&rsquo;enfant"},"content":{"rendered":"\n<h2 class=\"wp-block-heading\">Explication<\/h2>\n\n\n\n<p>Apr\u00e8s la fi\u00e8vre, la d\u00e9tresse respiratoire constitue l&rsquo;une des urgences p\u00e9diatriques les plus courantes et ses causes peuvent mettre la vie en danger.<\/p>\n\n\n\n<h2 class=\"wp-block-heading\">\u00c9tiologie<\/h2>\n\n\n\n<p>(liste non exhaustive)<\/p>\n\n\n\n<ol class=\"wp-block-list\" style=\"list-style-type:ordered\">\n<li>Affections des voies respiratoires sup\u00e9rieures\n<ol class=\"wp-block-list\" style=\"list-style-type:lower-alpha\">\n<li>Croup<\/li>\n\n\n\n<li>Aspiration d&rsquo;un corps \u00e9tranger<\/li>\n\n\n\n<li>Affections du larynx<\/li>\n\n\n\n<li>\u00c9piglottite<\/li>\n\n\n\n<li>Abc\u00e8s r\u00e9tropharyng\u00e9<\/li>\n\n\n\n<li>Atr\u00e9sie choanale<\/li>\n<\/ol>\n<\/li>\n\n\n\n<li>Affections des voies respiratoires inf\u00e9rieures ou des poumons\n<ol class=\"wp-block-list\" style=\"list-style-type:lower-alpha\">\n<li>Trach\u00e9ite, bronchiolite<\/li>\n\n\n\n<li>Pneumonie, at\u00e9lectasie<\/li>\n\n\n\n<li>Asthme, bronchospasme<\/li>\n\n\n\n<li>Syndrome de d\u00e9tresse respiratoire du nouveau n\u00e9<\/li>\n\n\n\n<li>Fistule trach\u00e9o \u0153sophagienne<\/li>\n\n\n\n<li>Embolie pulmonaire<\/li>\n<\/ol>\n<\/li>\n\n\n\n<li>Affections pleurales\n<ol class=\"wp-block-list\" style=\"list-style-type:lower-alpha\">\n<li>\u00c9panchement pleural, empy\u00e8me<\/li>\n\n\n\n<li>Pneumothorax<\/li>\n<\/ol>\n<\/li>\n\n\n\n<li>Affections neurologiques (p. ex. drogues)<\/li>\n\n\n\n<li>Autres causes (p. ex. restriction extrapulmonaire)<\/li>\n\n\n\n<li>Affections cardiaques\n<ol class=\"wp-block-list\" style=\"list-style-type:lower-alpha\">\n<li>Insuffisance cardiaque congestive (shunt gauche droite, insuffisance ventriculaire gauche)<\/li>\n\n\n\n<li>Tamponnade cardiaque<\/li>\n<\/ol>\n<\/li>\n<\/ol>\n\n\n\n<h2 class=\"wp-block-heading\">Objectifs principaux<\/h2>\n\n\n\n<p>Dans le cas d&rsquo;un enfant ayant une dyspn\u00e9e ou une d\u00e9tresse respiratoire, le candidat devra en diagnostiquer la cause, la gravit\u00e9 et les complications et \u00e9tablir un plan de prise en charge appropri\u00e9. En particulier, pour une \u00e9valuation correcte, il est important de tenir compte de la fr\u00e9quence respiratoire en fonction de l&rsquo;\u00e2ge de l&rsquo;enfant.<\/p>\n\n\n\n<h2 class=\"wp-block-heading\">Objectifs sp\u00e9cifiques<\/h2>\n\n\n\n<p>Dans le cas d&rsquo;un enfant en d\u00e9tresse respiratoire, le candidat devra<\/p>\n\n\n\n<ol class=\"wp-block-list\" style=\"list-style-type:ordered\">\n<li>\u00e9num\u00e9rer et interpr\u00e9ter les constatations cliniques cruciales, notamment :\n<ol class=\"wp-block-list\" style=\"list-style-type:lower-alpha\">\n<li>distinguer un enfant qui semble bien portant d&rsquo;un enfant en d\u00e9tresse ou dans un \u00e9tat critique<\/li>\n\n\n\n<li>dans le cas d&rsquo;un enfant en d\u00e9tresse ou dans un \u00e9tat critique, \u00e9valuer d&rsquo;abord l&rsquo;\u00e9tat des voies respiratoires, de la respiration et de la circulation, puis ensuite faire une anamn\u00e8se et un examen physique approfondis<\/li>\n\n\n\n<li>distinguer les causes cardiaques des causes pulmonaires, neuromusculaires ou autres<\/li>\n<\/ol>\n<\/li>\n\n\n\n<li>\u00e9num\u00e9rer et interpr\u00e9ter les examens essentiels, notamment :\n<ol class=\"wp-block-list\" style=\"list-style-type:lower-alpha\">\n<li>choisir et interpr\u00e9ter les examens cardiaques et pulmonaires appropri\u00e9s (p. ex. analyse des gaz du sang art\u00e9riel, h\u00e9mogramme)<\/li>\n<\/ol>\n<\/li>\n\n\n\n<li>\u00e9laborer un plan efficace de prise en charge, notamment :\n<ol class=\"wp-block-list\" style=\"list-style-type:lower-alpha\">\n<li>prendre en charge les patients dont la d\u00e9tresse respiratoire met la vie en danger, et d\u00e9terminer les quels patients ont besoin d&rsquo;une hospitalisation ou de soins sp\u00e9cialis\u00e9s<\/li>\n\n\n\n<li>planifier le traitement \u00e0 long terme des patients atteints d&rsquo;une maladie chronique, y compris les mesures de pr\u00e9vention secondaire.<\/li>\n<\/ol>\n<\/li>\n<\/ol>\n","protected":false},"excerpt":{"rendered":"<p>Explication Apr\u00e8s la fi\u00e8vre, la d\u00e9tresse respiratoire constitue l&rsquo;une des urgences p\u00e9diatriques les plus courantes et ses causes peuvent mettre la vie en danger. \u00c9tiologie (liste non exhaustive) Objectifs principaux Dans le cas d&rsquo;un enfant ayant une dyspn\u00e9e ou une d\u00e9tresse respiratoire, le candidat devra en diagnostiquer la cause, la gravit\u00e9 et les complications et [&hellip;]<\/p>\n","protected":false},"featured_media":0,"parent":0,"menu_order":126,"template":"","format":"standard","class_list":["post-8926","objectives","type-objectives","status-publish","format-standard","hentry"],"acf":{"legacy_id":"27-3","version":"janvier 2017"},"aioseo_notices":[],"_links":{"self":[{"href":"https:\/\/mcc.ca\/fr\/wp-json\/wp\/v2\/objectives\/8926","targetHints":{"allow":["GET"]}}],"collection":[{"href":"https:\/\/mcc.ca\/fr\/wp-json\/wp\/v2\/objectives"}],"about":[{"href":"https:\/\/mcc.ca\/fr\/wp-json\/wp\/v2\/types\/objectives"}],"wp:attachment":[{"href":"https:\/\/mcc.ca\/fr\/wp-json\/wp\/v2\/media?parent=8926"}],"curies":[{"name":"wp","href":"https:\/\/api.w.org\/{rel}","templated":true}]}}