{"id":10169,"date":"2026-03-31T08:00:00","date_gmt":"2026-03-31T12:00:00","guid":{"rendered":"https:\/\/mcc2022.wpengine.com\/?post_type=objectives&#038;p=10169"},"modified":"2026-03-31T08:01:55","modified_gmt":"2026-03-31T12:01:55","slug":"prise-de-poids-obesite","status":"publish","type":"objectives","link":"https:\/\/mcc.ca\/fr\/objectifs\/expert-medical\/poids-anormal\/prise-de-poids-obesite\/","title":{"rendered":"Ob\u00e9sit\u00e9"},"content":{"rendered":"\n<h2 class=\"wp-block-heading\">Explication<\/h2>\n\n\n\n<p>L\u2019ob\u00e9sit\u00e9 est une maladie chronique multifactorielle complexe et \u00e9volutive. Elle r\u00e9sulte de l\u2019interaction entre des facteurs d\u2019ordre social, comportemental, physiologique et m\u00e9tabolique. Caract\u00e9ris\u00e9e par une accumulation anormale ou excessive de tissu adipeux qui nuit \u00e0 la sant\u00e9, l\u2019ob\u00e9sit\u00e9 constitue un facteur de risque pour un large \u00e9ventail de maladies graves.<\/p>\n\n\n\n<h2 class=\"wp-block-heading\">\u00c9tiologie<\/h2>\n\n\n\n<p>(liste non exhaustive)<\/p>\n\n\n\n<ol style=\"list-style-type:ordered\" class=\"wp-block-list\">\n<li>Milieu social (p. ex. statut socio\u00e9conomique, profession\/occupation, handicap, style de vie)<\/li>\n\n\n\n<li>Causes neuroendocriniennes (p. ex. hypothyro\u00efdie, syndrome de Cushing, syndrome des ovaires polykystiques)\n<ol style=\"list-style-type:lower-alpha\" class=\"wp-block-list\">\n<li>Facteurs g\u00e9n\u00e9tiques (p. ex. syndrome de Prader-Labhart-Willi)<\/li>\n\n\n\n<li>Facteurs \u00e9pig\u00e9n\u00e9tiques<\/li>\n<\/ol>\n<\/li>\n\n\n\n<li>Substances et m\u00e9dicaments (p. ex. abandon du tabagisme, m\u00e9dicaments psychiatriques, traitement du cancer)<\/li>\n\n\n\n<li>Changements dans le cycle de vie<\/li>\n\n\n\n<li>Probl\u00e8mes de sant\u00e9 mentale<\/li>\n<\/ol>\n\n\n\n<h2 class=\"wp-block-heading\">Objectifs principaux<\/h2>\n\n\n\n<p>Dans le cas d\u2019un patient atteint d\u2019ob\u00e9sit\u00e9, le candidat devra en \u00e9valuer les causes profondes et la gravit\u00e9, et collaborer \u00e0 la mise en place d\u2019un plan d\u2019intervention fond\u00e9 sur les valeurs du patient.<\/p>\n\n\n\n<h2 class=\"wp-block-heading\">Objectifs sp\u00e9cifiques<\/h2>\n\n\n\n<p>Dans le cas d\u2019un patient atteint d\u2019ob\u00e9sit\u00e9, le candidat devra<\/p>\n\n\n\n<ol style=\"list-style-type:ordered\" class=\"wp-block-list\">\n<li>\u00e9num\u00e9rer et interpr\u00e9ter les constatations cliniques cruciales, notamment celles fond\u00e9es sur :\n<ol style=\"list-style-type:lower-alpha\" class=\"wp-block-list\">\n<li>la d\u00e9termination de la pr\u00e9valence de l\u2019ob\u00e9sit\u00e9 chez les populations adulte et p\u00e9diatrique \u00e0 partir de crit\u00e8res \u00e9tablis;<\/li>\n\n\n\n<li>une \u00e9valuation de la gravit\u00e9 de l\u2019ob\u00e9sit\u00e9 \u00e0 l\u2019aide d\u2019une \u00e9chelle valid\u00e9e (p. ex. Edmonton Obesity Staging System);<\/li>\n\n\n\n<li>la mesure du tour de taille, la mesure du rapport taille-hanches et le calcul de l\u2019indice de masse corporelle;<\/li>\n\n\n\n<li>un d\u00e9pistage des facteurs de propagation (p. ex. probl\u00e8mes de sant\u00e9 mentale, mobilit\u00e9 r\u00e9duite, statut socio\u00e9conomique);<\/li>\n\n\n\n<li>un d\u00e9pistage des complications (p. ex. apn\u00e9e du sommeil, diab\u00e8te de type 2, st\u00e9atose h\u00e9patique);<\/li>\n<\/ol>\n<\/li>\n\n\n\n<li>\u00e9num\u00e9rer les examens essentiels et en interpr\u00e9ter les r\u00e9sultats, selon le cas, notamment :\n<ol style=\"list-style-type:lower-alpha\" class=\"wp-block-list\">\n<li>un d\u00e9pistage des causes neuroendocriniennes de l\u2019ob\u00e9sit\u00e9;<\/li>\n\n\n\n<li>un d\u00e9pistage des affections concomitantes;<\/li>\n<\/ol>\n<\/li>\n\n\n\n<li>\u00e9laborer un plan efficace de prise en charge initiale conjointement avec le patient et, le cas \u00e9ch\u00e9ant, la personne de soutien d\u00e9sign\u00e9e, notamment :\n<ol style=\"list-style-type:lower-alpha\" class=\"wp-block-list\">\n<li>d\u00e9terminer les objectifs de traitement en fonction des valeurs du patient;<\/li>\n\n\n\n<li>\u00e9valuer le r\u00f4le de l\u2019activit\u00e9 physique ainsi que des soutiens en mati\u00e8re de sant\u00e9 mentale, de nutrition et d\u2019\u00e9ducation du patient;<\/li>\n\n\n\n<li>formuler une strat\u00e9gie d\u2019intervention mettant l\u2019accent sur une approche multidisciplinaire et un traitement \u00e0 long terme, y compris des interventions non pharmacologiques (p. ex. r\u00e9gime alimentaire et exercice physique), des interventions pharmacologiques et des interventions chirurgicales;<\/li>\n\n\n\n<li>faire preuve de sensibilit\u00e9 \u00e0 l\u2019\u00e9gard des cons\u00e9quences sociales et psychologiques de l\u2019ob\u00e9sit\u00e9;<\/li>\n\n\n\n<li>d\u00e9terminer les occasions d\u2019aborder les facteurs socio\u00e9conomiques menant \u00e0 l\u2019ob\u00e9sit\u00e9.<\/li>\n<\/ol>\n<\/li>\n<\/ol>\n","protected":false},"excerpt":{"rendered":"<p>Explication L\u2019ob\u00e9sit\u00e9 est une maladie chronique multifactorielle complexe et \u00e9volutive. Elle r\u00e9sulte de l\u2019interaction entre des facteurs d\u2019ordre social, comportemental, physiologique et m\u00e9tabolique. Caract\u00e9ris\u00e9e par une accumulation anormale ou excessive de tissu adipeux qui nuit \u00e0 la sant\u00e9, l\u2019ob\u00e9sit\u00e9 constitue un facteur de risque pour un large \u00e9ventail de maladies graves. \u00c9tiologie (liste non exhaustive) [&hellip;]<\/p>\n","protected":false},"featured_media":0,"parent":8874,"menu_order":422,"template":"","format":"standard","class_list":["post-10169","objectives","type-objectives","status-publish","format-standard","hentry"],"acf":{"legacy_id":"118-1","version":"mars 2026"},"aioseo_notices":[],"_links":{"self":[{"href":"https:\/\/mcc.ca\/fr\/wp-json\/wp\/v2\/objectives\/10169","targetHints":{"allow":["GET"]}}],"collection":[{"href":"https:\/\/mcc.ca\/fr\/wp-json\/wp\/v2\/objectives"}],"about":[{"href":"https:\/\/mcc.ca\/fr\/wp-json\/wp\/v2\/types\/objectives"}],"up":[{"embeddable":true,"href":"https:\/\/mcc.ca\/fr\/wp-json\/wp\/v2\/objectives\/8874"}],"wp:attachment":[{"href":"https:\/\/mcc.ca\/fr\/wp-json\/wp\/v2\/media?parent=10169"}],"curies":[{"name":"wp","href":"https:\/\/api.w.org\/{rel}","templated":true}]}}