{"id":4391,"date":"2023-03-22T13:03:27","date_gmt":"2023-03-22T17:03:27","guid":{"rendered":"https:\/\/mcc2022.wpengine.com\/?post_type=governance&#038;p=4391"},"modified":"2025-10-24T11:46:49","modified_gmt":"2025-10-24T15:46:49","slug":"isabelle-tardif","status":"publish","type":"governance","link":"https:\/\/mcc.ca\/fr\/a-propos-de-nous\/gouvernance\/isabelle-tardif\/","title":{"rendered":"Isabelle Tardif"},"content":{"rendered":"\n<p>Titulaire d\u2019un doctorat en m\u00e9decine de l\u2019Universit\u00e9 de Montr\u00e9al depuis 1997, la D<sup>re<\/sup>\u00a0Isabelle Tardif a poursuivi sa formation sp\u00e9cialis\u00e9e en m\u00e9decine de famille \u00e0 l\u2019Unit\u00e9 de m\u00e9decine de famille (UMF) de Bordeaux-Cartierville. Elle a par la suite pratiqu\u00e9 \u00e0 cet endroit pendant pr\u00e8s de vingt ans en tant que clinicienne enseignante ainsi qu\u2019\u00e0 l\u2019H\u00f4pital de Saint-Eustache, en hospitalisation en soins aigus. La D<sup>re<\/sup>\u00a0Tardif a occup\u00e9 pendant de nombreuses ann\u00e9es des fonctions de direction de programme de r\u00e9sidence au sein de l\u2019UMF o\u00f9 elle exer\u00e7ait. <\/p>\n\n\n\n<p>En 2010, la D<sup>re<\/sup>\u00a0Tardif s\u2019est jointe \u00e0 la Direction du programme de r\u00e9sidence en m\u00e9decine de famille de l\u2019Universit\u00e9 de Montr\u00e9al, tout d\u2019abord \u00e0 titre de directrice adjointe puis de directrice du programme, poste qu\u2019elle a occup\u00e9 jusqu\u2019\u00e0 son arriv\u00e9e au Coll\u00e8ge des m\u00e9decins en 2017. Au cours de ces ann\u00e9es, elle a mis de l\u2019avant plusieurs projets et innovations, notamment en mati\u00e8re de collaboration entre professionnels de la sant\u00e9 et de s\u00e9curit\u00e9 des soins aux patients. Par ailleurs, elle a obtenu, en 2017, le titre de Fellow du Coll\u00e8ge des m\u00e9decins de famille du Canada (CMFC), remis aux membres qui se d\u00e9marquent par leur contribution exceptionnelle \u00e0 leur collectivit\u00e9, \u00e0 leurs coll\u00e8gues et \u00e0 la discipline de la m\u00e9decine de famille. Cette m\u00eame ann\u00e9e, elle s\u2019est jointe \u00e0 l\u2019\u00e9quipe du Coll\u00e8ge en tant que directrice adjointe des \u00e9tudes m\u00e9dicales.<\/p>\n\n\n\n<p> Appr\u00e9ci\u00e9e pour sa grande rigueur et son leadership, elle a su mener des dossiers d\u2019envergure au sein de la Direction des \u00e9tudes m\u00e9dicales et a repr\u00e9sent\u00e9 r\u00e9guli\u00e8rement l\u2019ordre dans le cadre d\u2019activit\u00e9s de liaison aupr\u00e8s de diff\u00e9rentes organisations externes. De plus, en 2020, elle a particip\u00e9 activement \u00e0 l\u2019\u00e9laboration d\u2019une nouvelle planification strat\u00e9gique pour le Coll\u00e8ge, \u00e0 titre de coordonnatrice d\u2019un chantier portant sur le rayonnement de l\u2019ordre professionnel.<\/p>\n\n\n\n<p>Depuis 2021, D<sup>re<\/sup> Tardif est la directrice g\u00e9n\u00e9rale adjointe et secr\u00e9taire du Coll\u00e8ge. Dans le cadre de ses fonctions, elle est notamment responsable des relations avec les ordres professionnels, entre autres ceux \u0153uvrant en sant\u00e9 et en relations humaines, en plus d\u2019assumer les importantes les responsabilit\u00e9s l\u00e9gales du secr\u00e9taire de l\u2019ordre, inscrites au Code des professions, \u00e0 la Loi m\u00e9dicale et \u00e0 ses r\u00e8glements.<\/p>\n","protected":false},"excerpt":{"rendered":"<p>Titulaire d\u2019un doctorat en m\u00e9decine de l\u2019Universit\u00e9 de Montr\u00e9al depuis 1997, la Dre\u00a0Isabelle Tardif a poursuivi sa formation sp\u00e9cialis\u00e9e en m\u00e9decine de famille \u00e0 l\u2019Unit\u00e9 de m\u00e9decine de famille (UMF) de Bordeaux-Cartierville. Elle a par la suite pratiqu\u00e9 \u00e0 cet endroit pendant pr\u00e8s de vingt ans en tant que clinicienne enseignante ainsi qu\u2019\u00e0 l\u2019H\u00f4pital de [&hellip;]<\/p>\n","protected":false},"featured_media":22041,"parent":0,"menu_order":67,"template":"","format":"standard","governance-category":[],"class_list":["post-4391","governance","type-governance","status-publish","format-standard","has-post-thumbnail","hentry"],"acf":{"title":"Membre","qualifications_and_cerificates":[{"qualificationcertificate":"MD"},{"qualificationcertificate":"CCMF"},{"qualificationcertificate":"FCMF"}]},"aioseo_notices":[],"_links":{"self":[{"href":"https:\/\/mcc.ca\/fr\/wp-json\/wp\/v2\/governance\/4391","targetHints":{"allow":["GET"]}}],"collection":[{"href":"https:\/\/mcc.ca\/fr\/wp-json\/wp\/v2\/governance"}],"about":[{"href":"https:\/\/mcc.ca\/fr\/wp-json\/wp\/v2\/types\/governance"}],"wp:featuredmedia":[{"embeddable":true,"href":"https:\/\/mcc.ca\/fr\/wp-json\/wp\/v2\/media\/22041"}],"wp:attachment":[{"href":"https:\/\/mcc.ca\/fr\/wp-json\/wp\/v2\/media?parent=4391"}],"wp:term":[{"taxonomy":"governance-category","embeddable":true,"href":"https:\/\/mcc.ca\/fr\/wp-json\/wp\/v2\/governance-category?post=4391"}],"curies":[{"name":"wp","href":"https:\/\/api.w.org\/{rel}","templated":true}]}}